{"version":"1.0","provider_name":"Arganzuela","provider_url":"https:\/\/diario.madrid.es\/arganzuela","title":"Juana Do\u00f1a ya tiene su calle en el distrito","type":"rich","width":600,"height":338,"html":"<blockquote class=\"wp-embedded-content\" data-secret=\"s7iVu6Tvfr\"><a href=\"https:\/\/diario.madrid.es\/arganzuela\/2018\/05\/30\/juana-dona-ya-tiene-su-calle-en-arganzuela\/\">Juana Do\u00f1a ya tiene su calle en el distrito<\/a><\/blockquote><iframe sandbox=\"allow-scripts\" security=\"restricted\" src=\"https:\/\/diario.madrid.es\/arganzuela\/2018\/05\/30\/juana-dona-ya-tiene-su-calle-en-arganzuela\/embed\/#?secret=s7iVu6Tvfr\" width=\"600\" height=\"338\" title=\"\u00abJuana Do\u00f1a ya tiene su calle en el distrito\u00bb \u2014 Arganzuela\" data-secret=\"s7iVu6Tvfr\" frameborder=\"0\" marginwidth=\"0\" marginheight=\"0\" scrolling=\"no\" class=\"wp-embedded-content\"><\/iframe><script type=\"text\/javascript\">\n\/* <![CDATA[ *\/\n\/*! This file is auto-generated *\/\n!function(d,l){\"use strict\";l.querySelector&&d.addEventListener&&\"undefined\"!=typeof URL&&(d.wp=d.wp||{},d.wp.receiveEmbedMessage||(d.wp.receiveEmbedMessage=function(e){var t=e.data;if((t||t.secret||t.message||t.value)&&!\/[^a-zA-Z0-9]\/.test(t.secret)){for(var s,r,n,a=l.querySelectorAll('iframe[data-secret=\"'+t.secret+'\"]'),o=l.querySelectorAll('blockquote[data-secret=\"'+t.secret+'\"]'),c=new RegExp(\"^https?:$\",\"i\"),i=0;i<o.length;i++)o[i].style.display=\"none\";for(i=0;i<a.length;i++)s=a[i],e.source===s.contentWindow&&(s.removeAttribute(\"style\"),\"height\"===t.message?(1e3<(r=parseInt(t.value,10))?r=1e3:~~r<200&&(r=200),s.height=r):\"link\"===t.message&&(r=new URL(s.getAttribute(\"src\")),n=new URL(t.value),c.test(n.protocol))&&n.host===r.host&&l.activeElement===s&&(d.top.location.href=t.value))}},d.addEventListener(\"message\",d.wp.receiveEmbedMessage,!1),l.addEventListener(\"DOMContentLoaded\",function(){for(var e,t,s=l.querySelectorAll(\"iframe.wp-embedded-content\"),r=0;r<s.length;r++)(t=(e=s[r]).getAttribute(\"data-secret\"))||(t=Math.random().toString(36).substring(2,12),e.src+=\"#?secret=\"+t,e.setAttribute(\"data-secret\",t)),e.contentWindow.postMessage({message:\"ready\",secret:t},\"*\")},!1)))}(window,document);\n\/* ]]> *\/\n<\/script>\n","thumbnail_url":"https:\/\/diario.madrid.es\/arganzuela\/wp-content\/uploads\/sites\/33\/2018\/05\/calle-juanado\u00f1a.jpg","thumbnail_width":1200,"thumbnail_height":674,"description":"La activista madrile\u00f1a Juana Do\u00f1a ya tiene una calle con su nombre en Madrid, concretamente en Arganzuela, en el barrio de Delicias, justo en la esquina con Juan Vera, donde vivi\u00f3, y donde se ubicaba la antigua c\u00e1rcel de Yesar\u00edas. La propuesta de recordar la figura de Juana se aprob\u00f3 por mayor\u00eda en el Pleno extraordinario de 28 de abril del a\u00f1o pasado y se inclu\u00eda dentro del informe del Comisionado de la Memoria Hist\u00f3rica."}